{"id":221,"date":"2018-08-23T09:41:48","date_gmt":"2018-08-23T07:41:48","guid":{"rendered":"https:\/\/www.abc-weible.de\/abc\/?page_id=221"},"modified":"2024-04-30T11:01:34","modified_gmt":"2024-04-30T09:01:34","slug":"impressum","status":"publish","type":"page","link":"https:\/\/www.abc-weible.de\/abc\/impressum\/","title":{"rendered":"Impressum"},"content":{"rendered":"\t\t<div data-elementor-type=\"wp-post\" data-elementor-id=\"221\" class=\"elementor elementor-221\">\n\t\t\t\t\t\t\t\t\t<section class=\"elementor-section elementor-top-section elementor-element elementor-element-c70ccd3 elementor-section-full_width elementor-section-height-default elementor-section-height-default\" data-id=\"c70ccd3\" data-element_type=\"section\">\n\t\t\t\t\t\t<div class=\"elementor-container elementor-column-gap-default\">\n\t\t\t\t\t<div class=\"elementor-column elementor-col-100 elementor-top-column elementor-element elementor-element-61b1286\" data-id=\"61b1286\" data-element_type=\"column\">\n\t\t\t<div class=\"elementor-widget-wrap elementor-element-populated\">\n\t\t\t\t\t\t\t\t<div class=\"elementor-element elementor-element-907d946 elementor-widget-divider--view-line elementor-widget elementor-widget-divider\" data-id=\"907d946\" data-element_type=\"widget\" data-widget_type=\"divider.default\">\n\t\t\t\t<div class=\"elementor-widget-container\">\n\t\t\t\t\t<div class=\"elementor-divider\">\n\t\t\t<span class=\"elementor-divider-separator\">\n\t\t\t\t\t\t<\/span>\n\t\t<\/div>\n\t\t\t\t<\/div>\n\t\t\t\t<\/div>\n\t\t\t\t\t<\/div>\n\t\t<\/div>\n\t\t\t\t\t\t\t<\/div>\n\t\t<\/section>\n\t\t\t\t<section class=\"elementor-section elementor-top-section elementor-element elementor-element-fce28e2 elementor-section-full_width elementor-section-height-default elementor-section-height-default\" data-id=\"fce28e2\" data-element_type=\"section\">\n\t\t\t\t\t\t<div class=\"elementor-container elementor-column-gap-default\">\n\t\t\t\t\t<div class=\"elementor-column elementor-col-50 elementor-top-column elementor-element elementor-element-5e42488\" data-id=\"5e42488\" data-element_type=\"column\">\n\t\t\t<div class=\"elementor-widget-wrap elementor-element-populated\">\n\t\t\t\t\t\t\t\t<div class=\"elementor-element elementor-element-42d9683 elementor-widget elementor-widget-text-editor\" data-id=\"42d9683\" data-element_type=\"widget\" data-widget_type=\"text-editor.default\">\n\t\t\t\t<div class=\"elementor-widget-container\">\n\t\t\t\t\t\t\t<p><strong>Angaben gem\u00e4\u00df \u00a7 5 TMG:<\/strong><\/p><p>\u00a0<\/p><p><strong>ABC-Planungsleistungen im Baubereich GmbH<br \/><\/strong>Rudolf-Diesel-Stra\u00dfe 6<br \/>72525 M\u00fcnsingen<\/p><p>\u00a0<\/p><p><strong>Gesch\u00e4ftsf\u00fchrer:<\/strong><\/p><p>Dipl.-Ing. (FH) Hans Weible, Freier Architekt<\/p><p>Maximilian Bluck, Bachelor of Arts, Architekt<\/p><p>\u00a0<\/p><p><strong>Kontakt:<\/strong><\/p><p>Tel.: 07381 &#8211; 500 195<br \/>E-Mail: generalplanung@abc-weible.de<\/p><p>\u00a0<\/p><p><strong>Handelsregister &amp; Umsatzsteuer-ID:<\/strong><\/p><p>Amtsgerichts Stuttgart &#8211; HRB 370453<\/p><p>USt.-ID-Nr.: 8901519556<\/p><p>\u00a0<\/p><p><strong>Mitgliedschaft:<\/strong><\/p><p>Architektenkammer Baden-W\u00fcrttemberg<br \/>als Freier Architekt<\/p><p>\u00a0<\/p><p><strong>&#8230;&#8230;&#8230;&#8230;&#8230;..<\/strong><\/p><p>Homepage Realisierung:<\/p><p><img decoding=\"async\" class=\"alignnone size-full wp-image-226\" src=\"https:\/\/www.abc-weible.de\/abc\/wp-content\/uploads\/2018\/08\/sg_2016.png\" alt=\"strauss-grafik.de\" width=\"178\" height=\"45\" \/><\/p><p><a href=\"https:\/\/www.strauss-grafik.de\" target=\"_blank\" rel=\"noopener\">www.strauss-grafik.de<\/a><br \/>info@strauss-grafik.de<\/p><p><strong>&#8230;&#8230;&#8230;&#8230;&#8230;&#8230;<\/strong><\/p><p>Fotos\/Abbildungen<\/p><p>Portfolio und Referenzen:<br \/>ABC-Planungsleistungen im Baubereich GmbH<\/p><p>Seitenfotos Homepage:<br \/>PxHere.com<br \/>strauss-grafik.de<\/p><p><span style=\"height: 24px; text-indent: 24px; padding: 0px 6px 0px 0px; text-align: center; font: bold 12px\/24px 'Helvetica Neue',Helvetica,sans-serif; color: #ffffff; border-radius: 4px; background: #bd081c no-repeat scroll 4px 50% \/ 16px 16px; position: absolute; opacity: 1; z-index: 8675309; display: none; cursor: pointer;\">&#8230;&#8230;&#8230;Merken<\/span><\/p><p><span style=\"height: 24px; text-indent: 24px; padding: 0px 6px 0px 0px; text-align: center; font: bold 12px\/24px 'Helvetica Neue',Helvetica,sans-serif; color: #ffffff; border-radius: 4px; background: #bd081c no-repeat scroll 4px 50% \/ 16px 16px; position: absolute; opacity: 1; z-index: 8675309; display: none; cursor: pointer;\">Merken<\/span><\/p><p><span style=\"height: 24px; text-indent: 24px; padding: 0px 6px 0px 0px; text-align: center; font: bold 12px\/24px 'Helvetica Neue',Helvetica,sans-serif; color: #ffffff; border-radius: 4px; background: #bd081c no-repeat scroll 4px 50% \/ 16px 16px; position: absolute; opacity: 1; z-index: 8675309; display: none; cursor: pointer;\">Merken<\/span><\/p><p><span style=\"height: 24px; text-indent: 24px; padding: 0px 6px 0px 0px; text-align: center; font: bold 12px\/24px 'Helvetica Neue',Helvetica,sans-serif; color: #ffffff; border-radius: 4px; background: #bd081c no-repeat scroll 4px 50% \/ 16px 16px; position: absolute; opacity: 1; z-index: 8675309; display: none; cursor: pointer;\">Merken<\/span><\/p><p><span style=\"height: 24px; text-indent: 24px; padding: 0px 6px 0px 0px; text-align: center; font: bold 12px\/24px 'Helvetica Neue',Helvetica,sans-serif; color: #ffffff; border-radius: 4px; background: #bd081c no-repeat scroll 4px 50% \/ 16px 16px; position: absolute; opacity: 1; z-index: 8675309; display: none; cursor: pointer;\">Merken<\/span><\/p><p><span style=\"height: 24px; text-indent: 24px; padding: 0px 6px 0px 0px; text-align: center; font: bold 12px\/24px 'Helvetica Neue',Helvetica,sans-serif; color: #ffffff; border-radius: 4px; background: #bd081c no-repeat scroll 4px 50% \/ 16px 16px; position: absolute; opacity: 1; z-index: 8675309; display: none; cursor: pointer;\">Merken<\/span><\/p>\t\t\t\t\t\t<\/div>\n\t\t\t\t<\/div>\n\t\t\t\t\t<\/div>\n\t\t<\/div>\n\t\t\t\t<div class=\"elementor-column elementor-col-50 elementor-top-column elementor-element elementor-element-9a23cbb\" data-id=\"9a23cbb\" data-element_type=\"column\">\n\t\t\t<div class=\"elementor-widget-wrap elementor-element-populated\">\n\t\t\t\t\t\t\t\t<div class=\"elementor-element elementor-element-34c1bc5 elementor-widget elementor-widget-text-editor\" data-id=\"34c1bc5\" data-element_type=\"widget\" data-widget_type=\"text-editor.default\">\n\t\t\t\t<div class=\"elementor-widget-container\">\n\t\t\t\t\t\t\t<p><strong>Haftung f\u00fcr Inhalte<\/strong><\/p><p>Als Diensteanbieter sind wir gem\u00e4\u00df \u00a7 7 Abs.1 TMG f\u00fcr eigene Inhalte auf diesen Seiten nach den allgemeinen Gesetzen verantwortlich. Nach \u00a7\u00a7 8 bis 10 TMG sind wir als Diensteanbieter jedoch nicht verpflichtet, \u00fcbermittelte oder gespeicherte fremde Informationen zu \u00fcberwachen oder nach Umst\u00e4nden zu forschen, die auf eine rechtswidrige T\u00e4tigkeit hinweisen. Verpflichtungen zur Entfernung oder Sperrung der Nutzung von Informationen nach den allgemeinen Gesetzen bleiben hiervon unber\u00fchrt. Eine diesbez\u00fcgliche Haftung ist jedoch erst ab dem Zeitpunkt der Kenntnis einer konkreten Rechtsverletzung m\u00f6glich. Bei Bekanntwerden von entsprechenden Rechtsverletzungen werden wir diese Inhalte umgehend entfernen.<\/p><p>\u00a0<\/p><p><strong>Haftung f\u00fcr Links<\/strong><\/p><p>Unser Angebot enth\u00e4lt Links zu externen Webseiten Dritter, auf deren Inhalte wir keinen Einfluss haben. Deshalb k\u00f6nnen wir f\u00fcr diese fremden Inhalte auch keine Gew\u00e4hr \u00fcbernehmen. F\u00fcr die Inhalte der verlinkten Seiten ist stets der jeweilige Anbieter oder Betreiber der Seiten verantwortlich. Die verlinkten Seiten wurden zum Zeitpunkt der Verlinkung auf m\u00f6gliche Rechtsverst\u00f6\u00dfe \u00fcberpr\u00fcft. Rechtswidrige Inhalte waren zum Zeitpunkt der Verlinkung nicht erkennbar. Eine permanente inhaltliche Kontrolle der verlinkten Seiten ist jedoch ohne konkrete Anhaltspunkte einer Rechtsverletzung nicht zumutbar. Bei Bekanntwerden von Rechtsverletzungen werden wir derartige Links umgehend entfernen.<\/p><p>\u00a0<\/p><p><strong>Urheberrecht<\/strong><\/p><p>Die durch die Seitenbetreiber erstellten Inhalte und Werke auf diesen Seiten unterliegen dem deutschen Urheberrecht. Die Vervielf\u00e4ltigung, Bearbeitung, Verbreitung und jede Art der Verwertung au\u00dferhalb der Grenzen des Urheberrechtes bed\u00fcrfen der schriftlichen Zustimmung des jeweiligen Autors bzw. Erstellers. Downloads und Kopien dieser Seite sind nur f\u00fcr den privaten, nicht kommerziellen Gebrauch gestattet. Soweit die Inhalte auf dieser Seite nicht vom Betreiber erstellt wurden, werden die Urheberrechte Dritter beachtet. Insbesondere werden Inhalte Dritter als solche gekennzeichnet. Sollten Sie trotzdem auf eine Urheberrechtsverletzung aufmerksam werden, bitten wir um einen entsprechenden Hinweis. Bei Bekanntwerden von Rechtsverletzungen werden wir derartige Inhalte umgehend entfernen.<\/p>\t\t\t\t\t\t<\/div>\n\t\t\t\t<\/div>\n\t\t\t\t\t<\/div>\n\t\t<\/div>\n\t\t\t\t\t\t\t<\/div>\n\t\t<\/section>\n\t\t\t\t<section class=\"elementor-section elementor-top-section elementor-element elementor-element-dcea5c6 elementor-section-stretched footer-abc elementor-section-boxed elementor-section-height-default elementor-section-height-default\" data-id=\"dcea5c6\" data-element_type=\"section\" data-settings=\"{&quot;stretch_section&quot;:&quot;section-stretched&quot;,&quot;background_background&quot;:&quot;classic&quot;}\">\n\t\t\t\t\t\t<div class=\"elementor-container elementor-column-gap-default\">\n\t\t\t\t\t<div class=\"elementor-column elementor-col-33 elementor-top-column elementor-element elementor-element-ac7e7c8\" data-id=\"ac7e7c8\" data-element_type=\"column\">\n\t\t\t<div class=\"elementor-widget-wrap elementor-element-populated\">\n\t\t\t\t\t\t\t\t<div class=\"elementor-element elementor-element-84ad2ea elementor-widget elementor-widget-text-editor\" data-id=\"84ad2ea\" data-element_type=\"widget\" data-widget_type=\"text-editor.default\">\n\t\t\t\t<div class=\"elementor-widget-container\">\n\t\t\t\t\t\t\t<p><a href=\"https:\/\/www.abc-weible.de\/abc\/\"><strong><span style=\"color: #c9c3c3;\"><img decoding=\"async\" class=\" wp-image-565 alignnone\" src=\"https:\/\/www.abc-weible.de\/abc\/wp-content\/uploads\/2019\/07\/abc-logo.png\" alt=\"\" width=\"117\" height=\"109\" \/><\/span><\/strong><\/a><\/p><p><strong><span style=\"color: #c9c3c3;\">ABC-Planungsleistungen im Baubereich GmbH<\/span><\/strong><br \/><span style=\"color: #c9c3c3;\">Rudolf-Diesel-Stra\u00dfe 6<\/span><br \/><span style=\"color: #c9c3c3;\">72525 M\u00fcnsingen<\/span><\/p><p><span style=\"color: #c9c3c3;\">Tel.: 07381 &#8211; 93 65 20<\/span><br \/><span style=\"color: #c9c3c3;\">E-Mail: architektur@abc-weible.de<\/span><\/p>\t\t\t\t\t\t<\/div>\n\t\t\t\t<\/div>\n\t\t\t\t\t<\/div>\n\t\t<\/div>\n\t\t\t\t<div class=\"elementor-column elementor-col-33 elementor-top-column elementor-element elementor-element-9cd551e\" data-id=\"9cd551e\" data-element_type=\"column\">\n\t\t\t<div class=\"elementor-widget-wrap elementor-element-populated\">\n\t\t\t\t\t\t\t\t<div class=\"elementor-element elementor-element-6c93201 elementor-widget elementor-widget-text-editor\" data-id=\"6c93201\" data-element_type=\"widget\" data-widget_type=\"text-editor.default\">\n\t\t\t\t<div class=\"elementor-widget-container\">\n\t\t\t\t\t\t\t<p><img decoding=\"async\" class=\"alignnone size-full wp-image-82\" src=\"https:\/\/www.abc-weible.de\/abc\/wp-content\/uploads\/2018\/08\/hans-weible-logo.png\" alt=\"Hans Weible\" width=\"85\" height=\"85\" \/><\/p><p style=\"color: #c9c3c3;\">Dipl.-Ing. (FH) Hans Weible<br \/>Freier Architekt<\/p>\t\t\t\t\t\t<\/div>\n\t\t\t\t<\/div>\n\t\t\t\t\t<\/div>\n\t\t<\/div>\n\t\t\t\t<div class=\"elementor-column elementor-col-33 elementor-top-column elementor-element elementor-element-a51686f\" data-id=\"a51686f\" data-element_type=\"column\">\n\t\t\t<div class=\"elementor-widget-wrap elementor-element-populated\">\n\t\t\t\t\t\t\t\t<div class=\"elementor-element elementor-element-2fb993d elementor-widget elementor-widget-text-editor\" data-id=\"2fb993d\" data-element_type=\"widget\" data-widget_type=\"text-editor.default\">\n\t\t\t\t<div class=\"elementor-widget-container\">\n\t\t\t\t\t\t\t<p><strong><span style=\"color: #c9c3c3;\"><img loading=\"lazy\" decoding=\"async\" class=\"wp-image-601 alignnone\" src=\"https:\/\/www.abc-weible.de\/abc\/wp-content\/uploads\/2019\/07\/user-shield-solid-300x240.png\" alt=\"\" width=\"96\" height=\"77\" srcset=\"https:\/\/www.abc-weible.de\/abc\/wp-content\/uploads\/2019\/07\/user-shield-solid-300x240.png 300w, https:\/\/www.abc-weible.de\/abc\/wp-content\/uploads\/2019\/07\/user-shield-solid.png 640w\" sizes=\"(max-width: 96px) 100vw, 96px\" \/><\/span><\/strong><\/p><h4 style=\"color: #c9c3c3;\">Mitgliedschaften<\/h4><p><a href=\"https:\/\/www.akbw.de\/\" target=\"_blank\" rel=\"noopener\"><span style=\"color: #c9c3c3;\">Architektenkammer Baden-W\u00fcrttemberg<\/span><\/a><\/p><h4 style=\"color: #c9c3c3;\">Rechtliches<\/h4><p><a href=\"https:\/\/www.abc-weible.de\/abc\/impressum\/\"><span style=\"color: #c9c3c3;\">Impressum<\/span><\/a><br \/><a href=\"https:\/\/www.abc-weible.de\/abc\/datenschutz\/\"><span style=\"color: #c9c3c3;\">Datenschutzerkl\u00e4rung<\/span><\/a><\/p>\t\t\t\t\t\t<\/div>\n\t\t\t\t<\/div>\n\t\t\t\t\t<\/div>\n\t\t<\/div>\n\t\t\t\t\t\t\t<\/div>\n\t\t<\/section>\n\t\t\t\t\t\t\t<\/div>\n\t\t","protected":false},"excerpt":{"rendered":"<p>Angaben gem\u00e4\u00df \u00a7 5 TMG: \u00a0 ABC-Planungsleistungen im Baubereich GmbHRudolf-Diesel-Stra\u00dfe 672525 M\u00fcnsingen \u00a0 Gesch\u00e4ftsf\u00fchrer: Dipl.-Ing. (FH) Hans Weible, Freier Architekt Maximilian Bluck, Bachelor of Arts, Architekt \u00a0 Kontakt: Tel.: 07381 &#8211; 500 195E-Mail: generalplanung@abc-weible.de \u00a0 Handelsregister &amp; Umsatzsteuer-ID: Amtsgerichts Stuttgart &#8211; HRB 370453 USt.-ID-Nr.: 8901519556 \u00a0 Mitgliedschaft: Architektenkammer Baden-W\u00fcrttembergals Freier Architekt \u00a0 &#8230;&#8230;&#8230;&#8230;&#8230;.. Homepage Realisierung: www.strauss-grafik.deinfo@strauss-grafik.de &#8230;&#8230;&#8230;&#8230;&#8230;&#8230; Fotos\/Abbildungen Portfolio und Referenzen:ABC-Planungsleistungen im Baubereich GmbH Seitenfotos Homepage:PxHere.comstrauss-grafik.de &#8230;&#8230;&#8230;Merken Merken Merken Merken Merken Merken Haftung f\u00fcr Inhalte Als Diensteanbieter sind wir gem\u00e4\u00df<a class=\"more-link\" href=\"https:\/\/www.abc-weible.de\/abc\/impressum\/\"><span>Weiterlesen<\/span><\/a><\/p>\n","protected":false},"author":1,"featured_media":0,"parent":0,"menu_order":0,"comment_status":"closed","ping_status":"closed","template":"template-full-width.php","meta":{"_monsterinsights_skip_tracking":false,"_monsterinsights_sitenote_active":false,"_monsterinsights_sitenote_note":"","_monsterinsights_sitenote_category":0,"_uf_show_specific_survey":0,"_uf_disable_surveys":false,"footnotes":""},"aioseo_notices":[],"_links":{"self":[{"href":"https:\/\/www.abc-weible.de\/abc\/wp-json\/wp\/v2\/pages\/221"}],"collection":[{"href":"https:\/\/www.abc-weible.de\/abc\/wp-json\/wp\/v2\/pages"}],"about":[{"href":"https:\/\/www.abc-weible.de\/abc\/wp-json\/wp\/v2\/types\/page"}],"author":[{"embeddable":true,"href":"https:\/\/www.abc-weible.de\/abc\/wp-json\/wp\/v2\/users\/1"}],"replies":[{"embeddable":true,"href":"https:\/\/www.abc-weible.de\/abc\/wp-json\/wp\/v2\/comments?post=221"}],"version-history":[{"count":23,"href":"https:\/\/www.abc-weible.de\/abc\/wp-json\/wp\/v2\/pages\/221\/revisions"}],"predecessor-version":[{"id":1230,"href":"https:\/\/www.abc-weible.de\/abc\/wp-json\/wp\/v2\/pages\/221\/revisions\/1230"}],"wp:attachment":[{"href":"https:\/\/www.abc-weible.de\/abc\/wp-json\/wp\/v2\/media?parent=221"}],"curies":[{"name":"wp","href":"https:\/\/api.w.org\/{rel}","templated":true}]}}